{"id":1534,"date":"2016-03-01T08:19:31","date_gmt":"2016-03-01T06:19:31","guid":{"rendered":"http:\/\/www.marsulpentruviata.ro\/?page_id=1534"},"modified":"2019-03-19T13:12:10","modified_gmt":"2019-03-19T11:12:10","slug":"editii-anterioare","status":"publish","type":"page","link":"https:\/\/www.marsulpentruviata.md\/en\/editii-anterioare\/","title":{"rendered":"Previous Editions"},"content":{"rendered":"<p><\/p>\n\n\n\n<p><\/p>\n\n\n<h2><span style=\"color: #000000;\">2019<\/span><\/h2>\n<p>Pe 23 martie 2019 \u00een peste 370 de localit\u0103\u021bi din Republica Moldova se desf\u0103\u0219oar\u0103 Mar\u0219ul pentru via\u021b\u0103 2019 \u2013 \u201eUnic din prima secund\u0103\u201d<\/p>\n<p>Citi\u021bi <a href=\"https:\/\/www.marsulpentruviata.md\/en\/category\/editia-2019\/\">mai multe informa\u021bii despre edi\u021bia din 2019<\/a>.<\/p>\n<p>\u00a0<\/p>\n<h2><span style=\"color: #000000;\">2018<\/span><\/h2>\n<p>Pe 24 martie 2018 \u00een numeroase localit\u0103\u021bi din Republica Moldova a avut loc Mar\u0219ul pentru via\u021b\u0103 2018 \u2013 \u201eO lume pentru via\u021b\u0103\u201d.<\/p>\n<p>Citi\u021bi <a href=\"https:\/\/www.marsulpentruviata.md\/en\/category\/editia-2018\/\">mai multe informa\u021bii despre edi\u021bia din 2018<\/a>.<\/p>\n<p>\u00a0<\/p>\n<h2><span style=\"color: #000000;\">2017<\/span><\/h2>\n<p>Pe 25 martie 2017, \u00een 138 de ora\u0219e din Rom\u00e2nia \u0219i 149 de localit\u0103\u021bi din Republica Moldova a avut loc Mar\u0219ul pentru via\u021b\u0103 2017 \u2013 \u201eAjut\u0103 mama \u0219i copilul! Ei depind de tine\u201d.<\/p>\n<p>Citi\u021bi <a href=\"https:\/\/www.marsulpentruviata.md\/en\/category\/editia-2017\/\">mai multe informa\u021bii despre edi\u021bia din 2017<\/a>.<\/p>\n<p>\u00a0<\/p>\n<h2>2016<\/h2>\n<p>Pe 26 martie 2016, \u00een 110 ora\u0219e din Rom\u00e2nia \u0219i 20 de ora\u0219e din Republica Moldova s-a desf\u0103\u0219urat Mar\u0219ul pentru via\u021b\u0103 cu tema \u201ePentru via\u021b\u0103, pentru femeie, pentru familie\u201d.<\/p>\n<p>Citi\u021bi <a href=\"https:\/\/www.marsulpentruviata.md\/en\/category\/editia-2016\/\">mai multe informa\u021bii despre edi\u021bia din 2016<\/a>.<\/p>\n<p>\u00a0<\/p>\n<h2>2015<\/h2>\n<p>Mar\u0219ul pentru via\u021b\u0103 a avut tema \u201eFiecare via\u021b\u0103 este un dar\u201d \u0219i s-a desf\u0103\u0219urat pe 21 martie \u00een 77 de ora\u0219e din Rom\u00e2nia \u0219i 2 ora\u0219e din Republica Moldova.<\/p>\n<p>Citi\u021bi <a title=\"Edi\u021bia 2015 a Mar\u0219ului pentru via\u021b\u0103\" href=\"http:\/\/www.marsulpentruviata.md\/en\/category\/editia-2015\/\">mai multe informa\u021bii despre edi\u021bia din 2015<\/a>.<\/p>\n<p>\u00a0<\/p>\n<p><a href=\"http:\/\/femeifericite.com\"><img loading=\"lazy\" decoding=\"async\" data-attachment-id=\"2112\" data-permalink=\"https:\/\/www.marsulpentruviata.md\/en\/editii-anterioare\/stiri1\/\" data-orig-file=\"https:\/\/www.marsulpentruviata.md\/wp-content\/uploads\/2016\/03\/Stiri1.jpg\" data-orig-size=\"720,90\" data-comments-opened=\"1\" data-image-meta=\"{&quot;aperture&quot;:&quot;0&quot;,&quot;credit&quot;:&quot;&quot;,&quot;camera&quot;:&quot;&quot;,&quot;caption&quot;:&quot;&quot;,&quot;created_timestamp&quot;:&quot;0&quot;,&quot;copyright&quot;:&quot;&quot;,&quot;focal_length&quot;:&quot;0&quot;,&quot;iso&quot;:&quot;0&quot;,&quot;shutter_speed&quot;:&quot;0&quot;,&quot;title&quot;:&quot;&quot;,&quot;orientation&quot;:&quot;0&quot;}\" data-image-title=\"Stiri1\" data-image-description=\"\" data-image-caption=\"\" data-large-file=\"https:\/\/www.marsulpentruviata.md\/wp-content\/uploads\/2016\/03\/Stiri1.jpg\" class=\"alignnone size-full wp-image-2112\" src=\"http:\/\/marsulpentruviata.md\/wp-content\/uploads\/2016\/03\/Stiri1.jpg\" alt=\"Stiri1\" width=\"720\" height=\"90\" srcset=\"https:\/\/www.marsulpentruviata.md\/wp-content\/uploads\/2016\/03\/Stiri1.jpg 720w, https:\/\/www.marsulpentruviata.md\/wp-content\/uploads\/2016\/03\/Stiri1-300x38.jpg 300w, https:\/\/www.marsulpentruviata.md\/wp-content\/uploads\/2016\/03\/Stiri1-150x19.jpg 150w\" sizes=\"auto, (max-width: 720px) 100vw, 720px\" \/><\/a><\/p>","protected":false},"excerpt":{"rendered":"<p>2019 Pe 23 martie 2019 \u00een peste 370 de localit\u0103\u021bi din Republica Moldova se desf\u0103\u0219oar\u0103 Mar\u0219ul pentru via\u021b\u0103 2019 \u2013 \u201eUnic din prima secund\u0103\u201d Citi\u021bi mai multe informa\u021bii despre edi\u021bia din 2019. \u00a0 2018 Pe 24 martie 2018 \u00een numeroase localit\u0103\u021bi din Republica Moldova a avut loc Mar\u0219ul pentru via\u021b\u0103 2018 \u2013 \u201eO lume pentru [&hellip;]<\/p>\n","protected":false},"author":2,"featured_media":0,"parent":0,"menu_order":0,"comment_status":"open","ping_status":"open","template":"","meta":{"jetpack_post_was_ever_published":false,"footnotes":""},"class_list":["post-1534","page","type-page","status-publish","hentry"],"yoast_head":"<!-- This site is optimized with the Yoast SEO plugin v27.5 - https:\/\/yoast.com\/product\/yoast-seo-wordpress\/ -->\n<title>Edi\u021bii anterioare - Mar\u0219ul pentru via\u021b\u0103<\/title>\n<meta name=\"robots\" content=\"index, follow, max-snippet:-1, max-image-preview:large, max-video-preview:-1\" \/>\n<link rel=\"canonical\" href=\"https:\/\/www.marsulpentruviata.md\/en\/editii-anterioare\/\" \/>\n<meta property=\"og:locale\" content=\"en_US\" \/>\n<meta property=\"og:type\" content=\"article\" \/>\n<meta property=\"og:title\" content=\"Edi\u021bii anterioare - Mar\u0219ul pentru via\u021b\u0103\" \/>\n<meta property=\"og:description\" content=\"2019 Pe 23 martie 2019 \u00een peste 370 de localit\u0103\u021bi din Republica Moldova se desf\u0103\u0219oar\u0103 Mar\u0219ul pentru via\u021b\u0103 2019 \u2013 \u201eUnic din prima secund\u0103\u201d Citi\u021bi mai multe informa\u021bii despre edi\u021bia din 2019. \u00a0 2018 Pe 24 martie 2018 \u00een numeroase localit\u0103\u021bi din Republica Moldova a avut loc Mar\u0219ul pentru via\u021b\u0103 2018 \u2013 \u201eO lume pentru [&hellip;]\" \/>\n<meta property=\"og:url\" content=\"https:\/\/www.marsulpentruviata.md\/en\/editii-anterioare\/\" \/>\n<meta property=\"og:site_name\" content=\"Mar\u0219ul pentru via\u021b\u0103\" \/>\n<meta property=\"article:modified_time\" content=\"2019-03-19T11:12:10+00:00\" \/>\n<meta property=\"og:image\" content=\"http:\/\/marsulpentruviata.md\/wp-content\/uploads\/2016\/03\/Stiri1.jpg\" \/>\n<meta name=\"twitter:card\" content=\"summary_large_image\" \/>\n<meta name=\"twitter:label1\" content=\"Est. reading time\" \/>\n\t<meta name=\"twitter:data1\" content=\"1 minute\" \/>\n<script type=\"application\/ld+json\" class=\"yoast-schema-graph\">{\"@context\":\"https:\\\/\\\/schema.org\",\"@graph\":[{\"@type\":\"WebPage\",\"@id\":\"https:\\\/\\\/www.marsulpentruviata.md\\\/en\\\/editii-anterioare\\\/\",\"url\":\"https:\\\/\\\/www.marsulpentruviata.md\\\/en\\\/editii-anterioare\\\/\",\"name\":\"Edi\u021bii anterioare - Mar\u0219ul pentru via\u021b\u0103\",\"isPartOf\":{\"@id\":\"http:\\\/\\\/www.marsulpentruviata.md\\\/en\\\/#website\"},\"primaryImageOfPage\":{\"@id\":\"https:\\\/\\\/www.marsulpentruviata.md\\\/en\\\/editii-anterioare\\\/#primaryimage\"},\"image\":{\"@id\":\"https:\\\/\\\/www.marsulpentruviata.md\\\/en\\\/editii-anterioare\\\/#primaryimage\"},\"thumbnailUrl\":\"http:\\\/\\\/marsulpentruviata.md\\\/wp-content\\\/uploads\\\/2016\\\/03\\\/Stiri1.jpg\",\"datePublished\":\"2016-03-01T06:19:31+00:00\",\"dateModified\":\"2019-03-19T11:12:10+00:00\",\"breadcrumb\":{\"@id\":\"https:\\\/\\\/www.marsulpentruviata.md\\\/en\\\/editii-anterioare\\\/#breadcrumb\"},\"inLanguage\":\"en-US\",\"potentialAction\":[{\"@type\":\"ReadAction\",\"target\":[\"https:\\\/\\\/www.marsulpentruviata.md\\\/en\\\/editii-anterioare\\\/\"]}]},{\"@type\":\"ImageObject\",\"inLanguage\":\"en-US\",\"@id\":\"https:\\\/\\\/www.marsulpentruviata.md\\\/en\\\/editii-anterioare\\\/#primaryimage\",\"url\":\"http:\\\/\\\/marsulpentruviata.md\\\/wp-content\\\/uploads\\\/2016\\\/03\\\/Stiri1.jpg\",\"contentUrl\":\"http:\\\/\\\/marsulpentruviata.md\\\/wp-content\\\/uploads\\\/2016\\\/03\\\/Stiri1.jpg\"},{\"@type\":\"BreadcrumbList\",\"@id\":\"https:\\\/\\\/www.marsulpentruviata.md\\\/en\\\/editii-anterioare\\\/#breadcrumb\",\"itemListElement\":[{\"@type\":\"ListItem\",\"position\":1,\"name\":\"Home\",\"item\":\"http:\\\/\\\/www.marsulpentruviata.md\\\/en\\\/\"},{\"@type\":\"ListItem\",\"position\":2,\"name\":\"Edi\u021bii anterioare\"}]},{\"@type\":\"WebSite\",\"@id\":\"http:\\\/\\\/www.marsulpentruviata.md\\\/en\\\/#website\",\"url\":\"http:\\\/\\\/www.marsulpentruviata.md\\\/en\\\/\",\"name\":\"Mar\u0219ul pentru via\u021b\u0103\",\"description\":\"O lume pentru via\u021b\u0103\",\"potentialAction\":[{\"@type\":\"SearchAction\",\"target\":{\"@type\":\"EntryPoint\",\"urlTemplate\":\"http:\\\/\\\/www.marsulpentruviata.md\\\/en\\\/?s={search_term_string}\"},\"query-input\":{\"@type\":\"PropertyValueSpecification\",\"valueRequired\":true,\"valueName\":\"search_term_string\"}}],\"inLanguage\":\"en-US\"}]}<\/script>\n<!-- \/ Yoast SEO plugin. -->","yoast_head_json":{"title":"Edi\u021bii anterioare - Mar\u0219ul pentru via\u021b\u0103","robots":{"index":"index","follow":"follow","max-snippet":"max-snippet:-1","max-image-preview":"max-image-preview:large","max-video-preview":"max-video-preview:-1"},"canonical":"https:\/\/www.marsulpentruviata.md\/en\/editii-anterioare\/","og_locale":"en_US","og_type":"article","og_title":"Edi\u021bii anterioare - Mar\u0219ul pentru via\u021b\u0103","og_description":"2019 Pe 23 martie 2019 \u00een peste 370 de localit\u0103\u021bi din Republica Moldova se desf\u0103\u0219oar\u0103 Mar\u0219ul pentru via\u021b\u0103 2019 \u2013 \u201eUnic din prima secund\u0103\u201d Citi\u021bi mai multe informa\u021bii despre edi\u021bia din 2019. \u00a0 2018 Pe 24 martie 2018 \u00een numeroase localit\u0103\u021bi din Republica Moldova a avut loc Mar\u0219ul pentru via\u021b\u0103 2018 \u2013 \u201eO lume pentru [&hellip;]","og_url":"https:\/\/www.marsulpentruviata.md\/en\/editii-anterioare\/","og_site_name":"Mar\u0219ul pentru via\u021b\u0103","article_modified_time":"2019-03-19T11:12:10+00:00","og_image":[{"url":"http:\/\/marsulpentruviata.md\/wp-content\/uploads\/2016\/03\/Stiri1.jpg","type":"","width":"","height":""}],"twitter_card":"summary_large_image","twitter_misc":{"Est. reading time":"1 minute"},"schema":{"@context":"https:\/\/schema.org","@graph":[{"@type":"WebPage","@id":"https:\/\/www.marsulpentruviata.md\/en\/editii-anterioare\/","url":"https:\/\/www.marsulpentruviata.md\/en\/editii-anterioare\/","name":"Edi\u021bii anterioare - Mar\u0219ul pentru via\u021b\u0103","isPartOf":{"@id":"http:\/\/www.marsulpentruviata.md\/en\/#website"},"primaryImageOfPage":{"@id":"https:\/\/www.marsulpentruviata.md\/en\/editii-anterioare\/#primaryimage"},"image":{"@id":"https:\/\/www.marsulpentruviata.md\/en\/editii-anterioare\/#primaryimage"},"thumbnailUrl":"http:\/\/marsulpentruviata.md\/wp-content\/uploads\/2016\/03\/Stiri1.jpg","datePublished":"2016-03-01T06:19:31+00:00","dateModified":"2019-03-19T11:12:10+00:00","breadcrumb":{"@id":"https:\/\/www.marsulpentruviata.md\/en\/editii-anterioare\/#breadcrumb"},"inLanguage":"en-US","potentialAction":[{"@type":"ReadAction","target":["https:\/\/www.marsulpentruviata.md\/en\/editii-anterioare\/"]}]},{"@type":"ImageObject","inLanguage":"en-US","@id":"https:\/\/www.marsulpentruviata.md\/en\/editii-anterioare\/#primaryimage","url":"http:\/\/marsulpentruviata.md\/wp-content\/uploads\/2016\/03\/Stiri1.jpg","contentUrl":"http:\/\/marsulpentruviata.md\/wp-content\/uploads\/2016\/03\/Stiri1.jpg"},{"@type":"BreadcrumbList","@id":"https:\/\/www.marsulpentruviata.md\/en\/editii-anterioare\/#breadcrumb","itemListElement":[{"@type":"ListItem","position":1,"name":"Home","item":"http:\/\/www.marsulpentruviata.md\/en\/"},{"@type":"ListItem","position":2,"name":"Edi\u021bii anterioare"}]},{"@type":"WebSite","@id":"http:\/\/www.marsulpentruviata.md\/en\/#website","url":"http:\/\/www.marsulpentruviata.md\/en\/","name":"March for Life","description":"O lume pentru via\u021b\u0103","potentialAction":[{"@type":"SearchAction","target":{"@type":"EntryPoint","urlTemplate":"http:\/\/www.marsulpentruviata.md\/en\/?s={search_term_string}"},"query-input":{"@type":"PropertyValueSpecification","valueRequired":true,"valueName":"search_term_string"}}],"inLanguage":"en-US"}]}},"jetpack_sharing_enabled":true,"jetpack_shortlink":"https:\/\/wp.me\/P7mnA9-oK","_links":{"self":[{"href":"https:\/\/www.marsulpentruviata.md\/en\/wp-json\/wp\/v2\/pages\/1534","targetHints":{"allow":["GET"]}}],"collection":[{"href":"https:\/\/www.marsulpentruviata.md\/en\/wp-json\/wp\/v2\/pages"}],"about":[{"href":"https:\/\/www.marsulpentruviata.md\/en\/wp-json\/wp\/v2\/types\/page"}],"author":[{"embeddable":true,"href":"https:\/\/www.marsulpentruviata.md\/en\/wp-json\/wp\/v2\/users\/2"}],"replies":[{"embeddable":true,"href":"https:\/\/www.marsulpentruviata.md\/en\/wp-json\/wp\/v2\/comments?post=1534"}],"version-history":[{"count":14,"href":"https:\/\/www.marsulpentruviata.md\/en\/wp-json\/wp\/v2\/pages\/1534\/revisions"}],"predecessor-version":[{"id":2486,"href":"https:\/\/www.marsulpentruviata.md\/en\/wp-json\/wp\/v2\/pages\/1534\/revisions\/2486"}],"wp:attachment":[{"href":"https:\/\/www.marsulpentruviata.md\/en\/wp-json\/wp\/v2\/media?parent=1534"}],"curies":[{"name":"wp","href":"https:\/\/api.w.org\/{rel}","templated":true}]}}